{"id":2,"date":"2022-09-06T17:15:48","date_gmt":"2022-09-06T17:15:48","guid":{"rendered":"https:\/\/ninongloger.de\/?page_id=2"},"modified":"2026-03-12T10:59:17","modified_gmt":"2026-03-12T10:59:17","slug":"termine","status":"publish","type":"page","link":"https:\/\/ninongloger.de\/en\/termine\/","title":{"rendered":"Dates"},"content":{"rendered":"<p><strong>15.03.2026 \/ Akademie der K\u00fcnste Berlin \/ 20 Uhr<\/strong><br><em>Schwingende Systeme<\/em> &#8211;<em>Portr\u00e4tkonzert Michael Maierhof<\/em><br><a href=\"https:\/\/adk.de\/programm\/veranstaltungskalender\/2026\/03\/sample-hold-10-schwingende-systeme\/544886?page=3\">https:\/\/adk.de<\/a><br>Tickets hier: <a href=\"https:\/\/adk.eventim-inhouse.de\/webshop\/webticket\/bestseatselect?eventId=20503\">https:\/\/adk.eventim-inhouse.de\/webshop\/webticket\/bestseatselect?eventId=20503<\/a><\/p>\n\n\n\n<p><strong style=\"white-space: normal;\">20.03.2026 \/ 19 Uhr\u00a0\/\u00a0Theater Kiel\u00a0<\/strong><em style=\"white-space: normal;\">Schneewittchen &#8211;\u00a0Ballett von Yaroslav Ivanenko<\/em><a style=\"white-space: normal;\" href=\"https:\/\/www.theater-kiel.de\/ballett-kiel\/programm\/produktion\/titel\/schneewittchen-1\">https:\/\/www.theater-kiel.de<\/a><\/p>\n\n\n\n<p><strong><strong>10.04.2026 \/ Jazzmeile Kulturladen Hamburg St. Georg \/ 20 Uhr<\/strong><br><i>Triologu<\/i>e<br><a href=\"http:\/\/www.triologue.de\">www.triologue.de<\/a><\/strong><\/p>\n\n\n\n<p><strong>19.04.2026 \/ Jazz im Rathaus \u2013 zwischen Torte und Tatort\/ 20 Uhr<\/strong><br><i>Triologu<\/i>e<br><a href=\"https:\/\/www.jazz-oldesloe.de\">https:\/\/www.jazz-oldesloe.de<\/a><\/p>\n\n\n\n<p><strong>08.05.2926 \/ Kolosseum L\u00fcbeck \/ 20 Uhr<\/strong> <br><em>Triologue &#8211; Das Kleine Jazzfestival <\/em><br><a href=\"https:\/\/www.kolosseum-luebeck.de\/programm\/details\/das-kleine-jazzfestival-2026-05-08t000000z-2025-10-20t130732z\/\">https:\/\/www.kolosseum-luebeck.de<\/a><\/p>\n\n\n\n<p><strong>09.05.2026\u00a0\/ Schlo\u00df Warnsdorf \/ 19 Uhr<\/strong><br><em>TangOrienTales: Azadeh Maghsoodi &amp; Ninon Gloger<\/em><br>Perlen der gehobenen Salonmusik<\/p>\n\n\n\n<p><strong>10.05.2026\u00a0\/ Schlo\u00df Warnsdorf \/ 19 Uhr<\/strong><br><em>TangOrienTales: Azadeh Maghsoodi &amp; Ninon Gloger<\/em><br>Perlen der gehobenen Salonmusik<\/p>\n\n\n\n<p><s><strong>07.03 2026 \/ Musikhochschule L\u00fcbeck \/ 19.30 Uhr<\/strong> <\/s><br><em>Teachers Concert<\/em><br><a href=\"https:\/\/www.mh-luebeck.de\/veranstaltung\/metric-intensive-programmes-vi\">https:\/\/www.mh-luebeck.de<\/a><\/p>\n\n\n\n<p><strong><s>26.02.&amp; 03.03.2026 \/ L\u00fcbeck &amp; B\u00fcrgerhaus Backnang<\/s><\/strong><br><em>Wirbel.Wind.Konzerte<\/em><br>Kinder-Mitmachkonzerte<\/p>\n\n\n\n<p><strong><s>15.02.2026&nbsp;\/ Schlo\u00df Warnsdorf \/ 19 Uhr<\/s><\/strong><br><em>TangOrienTales: Azadeh Maghsoodi &amp; Ninon Gloger<\/em><br>Perlen der gehobenen Salonmusik<\/p>\n\n\n\n<p><strong><s>08.02.2026 | Kultur Palast Hamburg |&nbsp;17 Uhr<\/s><\/strong><br><em>Chor zur Welt: \u00bbOne World\u00ab<\/em><br><a href=\"https:\/\/www.elbphilharmonie.de\/de\/programm\/chor-zur-welt\/24367\">https:\/\/www.elbphilharmonie.de<\/a><\/p>\n\n\n\n<p><strong><s>25.01.2026 \/ 18 Uhr&nbsp;\/&nbsp;Theater Kiel&nbsp;<\/s><\/strong><br><em>Schneewittchen &#8211;&nbsp;Ballett von Yaroslav Ivanenko<\/em><br><a href=\"https:\/\/www.theater-kiel.de\/ballett-kiel\/programm\/produktion\/titel\/schneewittchen-1\">https:\/\/www.theater-kiel.de<\/a><\/p>\n\n\n\n<p><strong><s>24.01.&nbsp;2026&nbsp;| Musikhochschule L\u00fcbeck, KMS | 19.30 Uhr<\/s><\/strong><br><em>Klangrauschen meets WAM!&nbsp;<\/em><br>(Ur)Auff\u00fchrungen und Kollektiv-Improvisationen mit Sonja Horlacher (Fl\u00f6te), Flavio Virz\u00ec (Gitarre &amp;&nbsp;E-Gitarre), Ninon Gloger (Klavier), Dozierenden und Studierenden der MHL.<\/p>\n\n\n\n<p><strong><s>22.01.2026 | Statt-Caf\u00e9 Kiel |&nbsp;20 Uhr<\/s><\/strong><br><em>Triologue's<\/em><br><a href=\"http:\/\/www.triologue.de\">www.triologue.de<\/a><\/p>\n\n\n\n<p><s><strong>28.11.2025 <\/strong>+ <strong>08.+18.01.2026 \/ Oper Kiel \/ 19.00<\/strong><\/s><br><em>G. Puccini &#8211; Il trittico<\/em><br><a href=\"https:\/\/www.theater-kiel.de\/oper-kiel\/repertoire\/produktion\/titel\/il-trittico\">www.theater-kiel.de<\/a><\/p>\n\n\n\n<p><strong><s>04.01.2026&nbsp;\/ Schlo\u00df Warnsdorf \/ 19 Uhr<\/s><\/strong><br><em>TangOrienTales: Azadeh Maghsoodi &amp; Ninon Gloger<\/em><br>Perlen der gehobenen Salonmusik<\/p>\n\n\n\n<p><strong><s>02.12.2025 \/ J\u00fcdische Gemeinde Berlin \/ 19 Uhr<\/s><\/strong><br><em>Oud &amp; Klavier \u2014 Dialog zwischen den Welten<\/em><br>Shaul Bustan, Oud<br>Ninon Gloger, Klavier<br><a href=\"http:\/\/www.jvhs.de\">www.jvhs.de<\/a><\/p>\n\n\n\n<p><strong><s>29.11.2025 \/ Fleetstreet Hamburg \/ ab 19.30<\/s><\/strong><br><em>Triologue &#8211; Label Party Nr. 7 (Huth Records)<\/em><br><a href=\"http:\/\/www.triologue.de\">www.triologue.de<\/a><\/p>\n\n\n\n<p><strong><s>23.11.2025 \/ Asana-Praxis L\u00fcbeck \/ 14.00<\/s><\/strong><br><em>sound &amp; silence<\/em><br>Singkreis mit Shankara, Olaf Koep und Ninon Gloger<\/p>\n\n\n\n<p><strong><s>22.11.2025 \/ &#8222;Hannumann&#8220; Kassau \/ 19.00<\/s><\/strong><br><em>sound &amp; silence<\/em><br>Singkreis mit Shankara, Olaf Koep und Ninon Gloger<\/p>\n\n\n\n<p><strong><s>08.11.2025 \/ Ostsee-Gymnasium Timmendorfer Strand \/ 19.00<\/s><\/strong><br><em>\u201cQUARTETT UND CHANSONS F\u00dcR DAS ENDE DER ZEIT\u201c<\/em><br>Konzert \u2013 Performance \u2013 Meditation<\/p>\n\n\n\n<p><strong><s>18.10., 5.11., 28.11. 2025 \/ Oper Kiel \/ 19.00<\/s><\/strong><br><em>G. Puccini &#8211; Il trittico<\/em><br><a href=\"https:\/\/www.theater-kiel.de\/oper-kiel\/repertoire\/produktion\/titel\/il-trittico\">www.theater-kiel.de<\/a><\/p>\n\n\n\n<p><strong><s>12.10.2025 \/ musiculum Kiel \/ 19 Uhr<\/s><\/strong><br><em>SINNE | SINN: MICRO|TONAL<\/em><br>Abschlu\u00dfkonzert mit dem RADAR Ensemble: Werke von Lemke, Grisey, Lucie, Haas<br><a href=\"https:\/\/chiffren.de\/mikrotonal\/\">https:\/\/chiffren.de\/mikrotonal<\/a><\/p>\n\n\n\n<p><strong><s>28.09.2025 \/ Wunderino Arena Kiel \/ 11 Uhr<\/s><\/strong><br><em>1. Philharmonisches Konzert<\/em> (In Gedenken an Gabriel Feltz)<br>Baumgarten: Blagovest (Urauff\u00fchrung) &#8211; Schostakowitsch &#8211; Mahler &#8211; Mozart &#8211; Prokofiev<br><a href=\"https:\/\/www.theater-kiel.de\/philharmonisches-orchester-kiel\/programm\/produktion\/titel\/1-philharmonisches-konzert-11\">www.theater-kiel.de<\/a><\/p>\n\n\n\n<p><strong><s>28.09.2025 \/ Halle 424 Hamburg \/ 19.30 Uhr<\/s><\/strong><br><em>Money Dough &#8211; Hamburg Contemporary<\/em><br>RADAR ensemble spielt Urauff\u00fchrungen und Werke von Studierenden der Kompositionsklassen der HfMT Hamburg<br><a href=\"https:\/\/halle424.de\/veranstaltung\/money-dough-hamburg-contemporary\/\">https:\/\/halle424.de\/veranstaltung\/money-dough-hamburg-contemporary<\/a><\/p>\n\n\n\n<p><strong><s>21.09.2025 \/ Kultur im Jagdschl\u00f6sschen am Ukleisee  \/  17 Uhr<\/s><\/strong><br><em>TangOrienTales: Azadeh Maghsoodi &amp; Ninon Gloger<\/em><br>Virtuosit\u00e4t, Leidenschaft und Liebe zur Musik in ein&nbsp;packendes&nbsp;Programm gegossen<br><a rel=\"noreferrer noopener\" href=\"http:\/\/www.kultur-im-jagdschloesschen.de\/\" target=\"_blank\">www.kultur-im-jagdschloesschen.de<\/a><\/p>\n\n\n\n<p><strong><s>15.07.2025 \/ Segelhafen La Boe \/ 18 Uhr<\/s><\/strong><br><em>Triologue &#8211; bei den &#8222;German Classics Laboe&#8220; <\/em><\/p>\n\n\n\n<p><s><strong>13.07.2025 \/ Domschule, Schleswig <\/strong>\/<strong> 17 Uhr<\/strong><br><\/s><em>ensemble connect<\/em><br>Strukturierte freie Improvisation und Neue Musik zwischen den Kulturen<br><a href=\"https:\/\/www.shaulbustan.com\/ensembleconnect\/\">shaulbustan.com\/ensembleconnect<\/a><\/p>\n\n\n\n<p><s><strong>28.06.2025 \/ Timmendorf Strand \/ 10.30<\/strong><br><\/s><em>Jazz Baltica &#8211; Triologue<\/em><br><a href=\"https:\/\/jazzbaltica.de\/event\/triologue-255\">jazzbaltica.de\/event\/triologue-255<\/a><br><a href=\"https:\/\/triologue.de\">triologue.de<\/a><\/p>\n\n\n\n<p><s><strong>24.06.2025 \/ St. Petri, L\u00fcbeck \/ 20.30<\/strong><br><\/s><em>Vorlesen mit Musik<\/em><\/p>\n\n\n\n<p><s><strong>22.06.2025 \/ Ehemalige Synagoge, Friedrichstadt <\/strong>\/<strong> 17 Uhr<\/strong><\/s><br><em>ensemble connect<\/em><br>Strukturierte freie Improvisation und Neue Musik zwischen den Kulturen<br><a href=\"https:\/\/www.shaulbustan.com\/ensembleconnect\/\">shaulbustan.com\/ensembleconnect<\/a><\/p>\n\n\n\n<p><s><strong>21.06.2025 \/ Schiphorst \/ 12.30<\/strong><br><\/s><em>15. Avantgarde Festival<\/em> <em>&#8211; KlangrauschenKollektiv<\/em><br>&#8222;&#8230; In the indifferent brutality, incessant noise, the experimental chemistry of food, the ravings of lost hysterical men, I can act with clarity and meaning&#8230;&#8220; (Sam Melville). KlangrauschenKollektiv spielt das ikonoklastische Werk &#8220; Coming Together&#8220; von Frederic Rzewski aus dem Jahr 1972 und telepathische Improvisationen.&nbsp;<br><a rel=\"noreferrer noopener\" href=\"https:\/\/www.avantgardefestival.de\/index.html\" target=\"_blank\">www.avantgardefestival.de<\/a><\/p>\n\n\n\n<p><s><strong>15.06.2025 \/ Internationale Bildungsst\u00e4tte Jugendhof, Scheersberg <\/strong>\/<strong> 17 Uhr<\/strong><\/s><br><em>ensemble connect<\/em><br>Strukturierte freie Improvisation und Neue Musik zwischen den Kulturen<br><a href=\"https:\/\/www.shaulbustan.com\/ensembleconnect\/\">shaulbustan.com\/ensembleconnect<\/a><br><\/p>\n\n\n\n<p><\/p>","protected":false},"excerpt":{"rendered":"<p>15.03.2026 \/ Akademie der K\u00fcnste Berlin \/ 20 UhrSchwingende Systeme &#8211;Portr\u00e4tkonzert Michael Maierhofhttps:\/\/adk.deTickets hier: https:\/\/adk.eventim-inhouse.de\/webshop\/webticket\/bestseatselect?eventId=20503 20.03.2026 \/ 19 Uhr\u00a0\/\u00a0Theater Kiel\u00a0Schneewittchen &#8211;\u00a0Ballett von Yaroslav Ivanenkohttps:\/\/www.theater-kiel.de 10.04.2026 \/ Jazzmeile Kulturladen Hamburg St. Georg \/ 20 UhrTriologuewww.triologue.de 19.04.2026 \/ Jazz im Rathaus \u2013 zwischen Torte und Tatort\/ 20 UhrTriologuehttps:\/\/www.jazz-oldesloe.de 08.05.2926 \/ Kolosseum L\u00fcbeck \/ 20 Uhr Triologue &#8211; [&hellip;]<\/p>\n","protected":false},"author":1,"featured_media":61,"parent":0,"menu_order":0,"comment_status":"closed","ping_status":"open","template":"","meta":{"_acf_changed":false,"footnotes":""},"class_list":["post-2","page","type-page","status-publish","has-post-thumbnail","hentry"],"acf":[],"_links":{"self":[{"href":"https:\/\/ninongloger.de\/en\/wp-json\/wp\/v2\/pages\/2","targetHints":{"allow":["GET"]}}],"collection":[{"href":"https:\/\/ninongloger.de\/en\/wp-json\/wp\/v2\/pages"}],"about":[{"href":"https:\/\/ninongloger.de\/en\/wp-json\/wp\/v2\/types\/page"}],"author":[{"embeddable":true,"href":"https:\/\/ninongloger.de\/en\/wp-json\/wp\/v2\/users\/1"}],"replies":[{"embeddable":true,"href":"https:\/\/ninongloger.de\/en\/wp-json\/wp\/v2\/comments?post=2"}],"version-history":[{"count":47,"href":"https:\/\/ninongloger.de\/en\/wp-json\/wp\/v2\/pages\/2\/revisions"}],"predecessor-version":[{"id":769,"href":"https:\/\/ninongloger.de\/en\/wp-json\/wp\/v2\/pages\/2\/revisions\/769"}],"wp:featuredmedia":[{"embeddable":true,"href":"https:\/\/ninongloger.de\/en\/wp-json\/wp\/v2\/media\/61"}],"wp:attachment":[{"href":"https:\/\/ninongloger.de\/en\/wp-json\/wp\/v2\/media?parent=2"}],"curies":[{"name":"wp","href":"https:\/\/api.w.org\/{rel}","templated":true}]}}